{"id":1290,"date":"2025-12-17T14:51:04","date_gmt":"2025-12-17T14:51:04","guid":{"rendered":"https:\/\/www.almaruralbodega.com\/?page_id=1290"},"modified":"2026-04-05T17:17:26","modified_gmt":"2026-04-05T17:17:26","slug":"historia","status":"publish","type":"page","link":"https:\/\/www.almaruralbodega.com\/index.php\/historia\/","title":{"rendered":"Historia"},"content":{"rendered":"\t\t<div data-elementor-type=\"wp-page\" data-elementor-id=\"1290\" class=\"elementor elementor-1290\" data-elementor-post-type=\"page\">\n\t\t\t\t<div class=\"elementor-element elementor-element-900cd64 e-flex e-con-boxed elementor-invisible e-con e-parent\" data-id=\"900cd64\" data-element_type=\"container\" data-e-type=\"container\" data-settings=\"{&quot;animation&quot;:&quot;fadeInLeft&quot;}\">\n\t\t\t\t\t<div class=\"e-con-inner\">\n\t\t\t\t<div class=\"elementor-element elementor-element-34caab8 elementor-invisible elementor-widget elementor-widget-heading\" data-id=\"34caab8\" data-element_type=\"widget\" data-e-type=\"widget\" data-settings=\"{&quot;_animation&quot;:&quot;fadeInDown&quot;}\" data-widget_type=\"heading.default\">\n\t\t\t\t<div class=\"elementor-widget-container\">\n\t\t\t\t\t<h2 class=\"elementor-heading-title elementor-size-default\">NUESTRA HISTORIA<\/h2>\t\t\t\t<\/div>\n\t\t\t\t<\/div>\n\t\t\t\t\t<\/div>\n\t\t\t\t<\/div>\n\t\t<div class=\"elementor-element elementor-element-a5c5bc0 e-flex e-con-boxed e-con e-parent\" data-id=\"a5c5bc0\" data-element_type=\"container\" data-e-type=\"container\">\n\t\t\t\t\t<div class=\"e-con-inner\">\n\t\t\t\t<div class=\"elementor-element elementor-element-7a282a5 elementor-widget elementor-widget-spacer\" data-id=\"7a282a5\" data-element_type=\"widget\" data-e-type=\"widget\" data-widget_type=\"spacer.default\">\n\t\t\t\t<div class=\"elementor-widget-container\">\n\t\t\t\t\t\t\t<div class=\"elementor-spacer\">\n\t\t\t<div class=\"elementor-spacer-inner\"><\/div>\n\t\t<\/div>\n\t\t\t\t\t\t<\/div>\n\t\t\t\t<\/div>\n\t\t\t\t\t<\/div>\n\t\t\t\t<\/div>\n\t\t<div class=\"elementor-element elementor-element-d4c9723 e-flex e-con-boxed e-con e-parent\" data-id=\"d4c9723\" data-element_type=\"container\" data-e-type=\"container\">\n\t\t\t\t\t<div class=\"e-con-inner\">\n\t\t<div class=\"elementor-element elementor-element-9a89b5b e-con-full e-flex e-con e-child\" data-id=\"9a89b5b\" data-element_type=\"container\" data-e-type=\"container\">\n\t\t\t\t<div class=\"elementor-element elementor-element-7a4227d elementor-widget elementor-widget-image\" data-id=\"7a4227d\" data-element_type=\"widget\" data-e-type=\"widget\" data-settings=\"{&quot;motion_fx_motion_fx_scrolling&quot;:&quot;yes&quot;,&quot;motion_fx_translateY_effect&quot;:&quot;yes&quot;,&quot;motion_fx_translateY_speed&quot;:{&quot;unit&quot;:&quot;px&quot;,&quot;size&quot;:4,&quot;sizes&quot;:[]},&quot;motion_fx_translateY_affectedRange&quot;:{&quot;unit&quot;:&quot;%&quot;,&quot;size&quot;:&quot;&quot;,&quot;sizes&quot;:{&quot;start&quot;:0,&quot;end&quot;:100}},&quot;motion_fx_devices&quot;:[&quot;desktop&quot;,&quot;tablet&quot;,&quot;mobile&quot;]}\" data-widget_type=\"image.default\">\n\t\t\t\t<div class=\"elementor-widget-container\">\n\t\t\t\t\t\t\t\t\t\t\t\t\t\t\t<img fetchpriority=\"high\" decoding=\"async\" width=\"1024\" height=\"768\" src=\"https:\/\/www.almaruralbodega.com\/wp-content\/uploads\/2026\/03\/Navatalgordo_Bodega_Alma_Rural-1024x768.jpeg\" class=\"attachment-large size-large wp-image-1442\" alt=\"Vista del pueblo de la provincia de \u00c1vila donde se ubica la bodega Alma Rural, rodeado de monta\u00f1as y paisaje natural. Imagen que refleja el origen, la tradici\u00f3n y el entorno rural que dan car\u00e1cter a sus vinos.\" srcset=\"https:\/\/www.almaruralbodega.com\/wp-content\/uploads\/2026\/03\/Navatalgordo_Bodega_Alma_Rural-1024x768.jpeg 1024w, https:\/\/www.almaruralbodega.com\/wp-content\/uploads\/2026\/03\/Navatalgordo_Bodega_Alma_Rural-300x225.jpeg 300w, https:\/\/www.almaruralbodega.com\/wp-content\/uploads\/2026\/03\/Navatalgordo_Bodega_Alma_Rural-768x576.jpeg 768w, https:\/\/www.almaruralbodega.com\/wp-content\/uploads\/2026\/03\/Navatalgordo_Bodega_Alma_Rural-1536x1152.jpeg 1536w, https:\/\/www.almaruralbodega.com\/wp-content\/uploads\/2026\/03\/Navatalgordo_Bodega_Alma_Rural.jpeg 1600w\" sizes=\"(max-width: 1024px) 100vw, 1024px\" \/>\t\t\t\t\t\t\t\t\t\t\t\t\t\t\t<\/div>\n\t\t\t\t<\/div>\n\t\t\t\t<\/div>\n\t\t<div class=\"elementor-element elementor-element-e800b7e e-con-full e-flex e-con e-child\" data-id=\"e800b7e\" data-element_type=\"container\" data-e-type=\"container\">\n\t\t\t\t<div class=\"elementor-element elementor-element-615f1ed elementor-widget elementor-widget-text-editor\" data-id=\"615f1ed\" data-element_type=\"widget\" data-e-type=\"widget\" data-widget_type=\"text-editor.default\">\n\t\t\t\t<div class=\"elementor-widget-container\">\n\t\t\t\t\t\t\t\t\t<p>En el coraz\u00f3n de las monta\u00f1as de\u00a0<strong>Navatalgordo<\/strong>\u00a0nace\u00a0<strong>ALMA RURAL<\/strong>, un proyecto que cobra vida gracias a la pasi\u00f3n por el entorno rural y al compromiso con nuestro tesoro m\u00e1s preciado:\u00a0<strong>la garnacha<\/strong>.<\/p><p style=\"font-weight: 400;\">ALMA RURAL es una bodega joven, pero con ra\u00edces profundas. Nace con el prop\u00f3sito de\u00a0<strong>dar a conocer nuestra tierra<\/strong>, preservar el entorno rural de nuestro pueblo y\u00a0<strong>conservar las cepas que un d\u00eda plantaron nuestros abuelos y bisabuelos.<\/strong><\/p>\t\t\t\t\t\t\t\t<\/div>\n\t\t\t\t<\/div>\n\t\t\t\t<\/div>\n\t\t\t\t\t<\/div>\n\t\t\t\t<\/div>\n\t\t<div class=\"elementor-element elementor-element-482e004 e-flex e-con-boxed e-con e-parent\" data-id=\"482e004\" data-element_type=\"container\" data-e-type=\"container\">\n\t\t\t\t\t<div class=\"e-con-inner\">\n\t\t\t\t<div class=\"elementor-element elementor-element-c0eae0b elementor-widget elementor-widget-text-editor\" data-id=\"c0eae0b\" data-element_type=\"widget\" data-e-type=\"widget\" data-widget_type=\"text-editor.default\">\n\t\t\t\t<div class=\"elementor-widget-container\">\n\t\t\t\t\t\t\t\t\t<p><strong>Navatalgordo siempre ha sido un pueblo de vino.<\/strong>\u00a0Durante generaciones, las familias elaboraban su propio vino para el consumo diario, trabajando peque\u00f1as parcelas y cuidando las vi\u00f1as como parte esencial de su forma de vida. Nuestros abuelos y bisabuelos no solo cultivaban la tierra, sino que transmitieron un conocimiento y una cultura vitivin\u00edcola que hoy sigue viva en cada una de nuestras decisiones.<\/p>\t\t\t\t\t\t\t\t<\/div>\n\t\t\t\t<\/div>\n\t\t\t\t\t<\/div>\n\t\t\t\t<\/div>\n\t\t<div class=\"elementor-element elementor-element-ad0573a e-con-full e-flex e-con e-parent\" data-id=\"ad0573a\" data-element_type=\"container\" data-e-type=\"container\">\n\t\t<div class=\"elementor-element elementor-element-133e458 e-con-full e-flex e-con e-child\" data-id=\"133e458\" data-element_type=\"container\" data-e-type=\"container\">\n\t\t\t\t<div class=\"elementor-element elementor-element-7c0cecc elementor-widget elementor-widget-image\" data-id=\"7c0cecc\" data-element_type=\"widget\" data-e-type=\"widget\" data-settings=\"{&quot;motion_fx_motion_fx_scrolling&quot;:&quot;yes&quot;,&quot;motion_fx_translateY_effect&quot;:&quot;yes&quot;,&quot;motion_fx_translateY_speed&quot;:{&quot;unit&quot;:&quot;px&quot;,&quot;size&quot;:4,&quot;sizes&quot;:[]},&quot;motion_fx_translateY_affectedRange&quot;:{&quot;unit&quot;:&quot;%&quot;,&quot;size&quot;:&quot;&quot;,&quot;sizes&quot;:{&quot;start&quot;:0,&quot;end&quot;:100}},&quot;motion_fx_devices&quot;:[&quot;desktop&quot;,&quot;tablet&quot;,&quot;mobile&quot;]}\" data-widget_type=\"image.default\">\n\t\t\t\t<div class=\"elementor-widget-container\">\n\t\t\t\t\t\t\t\t\t\t\t\t\t\t\t<img decoding=\"async\" width=\"819\" height=\"1024\" src=\"https:\/\/www.almaruralbodega.com\/wp-content\/uploads\/2025\/08\/Sin-titulo-2-04-819x1024.png\" class=\"attachment-large size-large wp-image-1020\" alt=\"\" srcset=\"https:\/\/www.almaruralbodega.com\/wp-content\/uploads\/2025\/08\/Sin-titulo-2-04-819x1024.png 819w, https:\/\/www.almaruralbodega.com\/wp-content\/uploads\/2025\/08\/Sin-titulo-2-04-240x300.png 240w, https:\/\/www.almaruralbodega.com\/wp-content\/uploads\/2025\/08\/Sin-titulo-2-04-768x960.png 768w, https:\/\/www.almaruralbodega.com\/wp-content\/uploads\/2025\/08\/Sin-titulo-2-04.png 1080w\" sizes=\"(max-width: 819px) 100vw, 819px\" \/>\t\t\t\t\t\t\t\t\t\t\t\t\t\t\t<\/div>\n\t\t\t\t<\/div>\n\t\t\t\t<\/div>\n\t\t<div class=\"elementor-element elementor-element-311689e e-con-full e-flex e-con e-child\" data-id=\"311689e\" data-element_type=\"container\" data-e-type=\"container\">\n\t\t\t\t<div class=\"elementor-element elementor-element-03b2575 elementor-widget elementor-widget-text-editor\" data-id=\"03b2575\" data-element_type=\"widget\" data-e-type=\"widget\" data-widget_type=\"text-editor.default\">\n\t\t\t\t<div class=\"elementor-widget-container\">\n\t\t\t\t\t\t\t\t\t<p style=\"font-weight: 400;\">&nbsp;Elaboramos nuestros vinos a&nbsp;<strong>m\u00e1s de 1.000 metros de altitud<\/strong>, un factor determinante que marca el car\u00e1cter de nuestros vinos. La climatolog\u00eda, los suelos y la altura condicionan cada labor en el vi\u00f1edo y en la bodega, oblig\u00e1ndonos a trabajar de forma respetuosa y adaptarnos al entorno, escuchando lo que la naturaleza nos ofrece en cada a\u00f1ada.<\/p>\n<p style=\"font-weight: 400;\">Nuestra filosof\u00eda se basa en&nbsp;<strong>fusionar tradici\u00f3n e innovaci\u00f3n<\/strong>, recuperando pr\u00e1cticas ancestrales y combin\u00e1ndolas con una visi\u00f3n actual de la viticultura y la enolog\u00eda. El resultado son&nbsp;<strong>vinos vivos, honestos y aut\u00e9nticos<\/strong>, que expresan sin artificios el paisaje del que proceden.<\/p>\t\t\t\t\t\t\t\t<\/div>\n\t\t\t\t<\/div>\n\t\t\t\t<\/div>\n\t\t\t\t<\/div>\n\t\t<div class=\"elementor-element elementor-element-9a93ada e-flex e-con-boxed e-con e-parent\" data-id=\"9a93ada\" data-element_type=\"container\" data-e-type=\"container\">\n\t\t\t\t\t<div class=\"e-con-inner\">\n\t\t\t\t<div class=\"elementor-element elementor-element-4d1d2ff elementor-widget elementor-widget-spacer\" data-id=\"4d1d2ff\" data-element_type=\"widget\" data-e-type=\"widget\" data-widget_type=\"spacer.default\">\n\t\t\t\t<div class=\"elementor-widget-container\">\n\t\t\t\t\t\t\t<div class=\"elementor-spacer\">\n\t\t\t<div class=\"elementor-spacer-inner\"><\/div>\n\t\t<\/div>\n\t\t\t\t\t\t<\/div>\n\t\t\t\t<\/div>\n\t\t\t\t\t<\/div>\n\t\t\t\t<\/div>\n\t\t<div class=\"elementor-element elementor-element-ebdb09b e-flex e-con-boxed elementor-invisible e-con e-parent\" data-id=\"ebdb09b\" data-element_type=\"container\" data-e-type=\"container\" data-settings=\"{&quot;animation&quot;:&quot;fadeInLeft&quot;}\">\n\t\t\t\t\t<div class=\"e-con-inner\">\n\t\t\t\t<div class=\"elementor-element elementor-element-52b5ab3 elementor-invisible elementor-widget elementor-widget-heading\" data-id=\"52b5ab3\" data-element_type=\"widget\" data-e-type=\"widget\" data-settings=\"{&quot;_animation&quot;:&quot;fadeInDown&quot;}\" data-widget_type=\"heading.default\">\n\t\t\t\t<div class=\"elementor-widget-container\">\n\t\t\t\t\t<h2 class=\"elementor-heading-title elementor-size-default\">NUESTRO PUEBLO Y VI\u00d1EDOS<\/h2>\t\t\t\t<\/div>\n\t\t\t\t<\/div>\n\t\t\t\t\t<\/div>\n\t\t\t\t<\/div>\n\t\t<div class=\"elementor-element elementor-element-b268144 e-flex e-con-boxed e-con e-parent\" data-id=\"b268144\" data-element_type=\"container\" data-e-type=\"container\">\n\t\t\t\t\t<div class=\"e-con-inner\">\n\t\t<div class=\"elementor-element elementor-element-1ff9373 e-con-full e-flex e-con e-child\" data-id=\"1ff9373\" data-element_type=\"container\" data-e-type=\"container\">\n\t\t\t\t<div class=\"elementor-element elementor-element-ef09870 elementor-widget elementor-widget-text-editor\" data-id=\"ef09870\" data-element_type=\"widget\" data-e-type=\"widget\" data-widget_type=\"text-editor.default\">\n\t\t\t\t<div class=\"elementor-widget-container\">\n\t\t\t\t\t\t\t\t\t<p style=\"font-weight: 400;\"><strong>Navatalgordo<\/strong> no es solo el lugar donde nace ALMA RURAL, <strong>es el origen de nuestra identidad<\/strong>. Un pueblo de monta\u00f1a donde la vid ha formado parte del paisaje y de la vida cotidiana desde siempre.<\/p><p style=\"font-weight: 400;\">Nuestro proyecto no se entiende sin los paisajes que nos rodean, donde los vi\u00f1edos forman parte de la identidad cultural y del modo de vida rural.<\/p><p>Nuestros vi\u00f1edos se encuentran repartidos entre los municipios de\u00a0<strong>Navatalgordo, Burgohondo y Cebreros<\/strong>, zonas hist\u00f3ricamente vinculadas al cultivo de la vid. Se trata, en su mayor\u00eda, de\u00a0<strong>vi\u00f1as viejas ubicadas en parcelas peque\u00f1as.<\/strong>\u00a0Esta condici\u00f3n obliga a que su labor sea estrictamente manual.<\/p>\t\t\t\t\t\t\t\t<\/div>\n\t\t\t\t<\/div>\n\t\t\t\t<\/div>\n\t\t<div class=\"elementor-element elementor-element-8a5381d e-con-full e-flex e-con e-child\" data-id=\"8a5381d\" data-element_type=\"container\" data-e-type=\"container\">\n\t\t\t\t<div class=\"elementor-element elementor-element-903e89f elementor-widget elementor-widget-image\" data-id=\"903e89f\" data-element_type=\"widget\" data-e-type=\"widget\" data-settings=\"{&quot;motion_fx_motion_fx_scrolling&quot;:&quot;yes&quot;,&quot;motion_fx_translateY_effect&quot;:&quot;yes&quot;,&quot;motion_fx_translateY_speed&quot;:{&quot;unit&quot;:&quot;px&quot;,&quot;size&quot;:4,&quot;sizes&quot;:[]},&quot;motion_fx_translateY_affectedRange&quot;:{&quot;unit&quot;:&quot;%&quot;,&quot;size&quot;:&quot;&quot;,&quot;sizes&quot;:{&quot;start&quot;:0,&quot;end&quot;:100}},&quot;motion_fx_devices&quot;:[&quot;desktop&quot;,&quot;tablet&quot;,&quot;mobile&quot;]}\" data-widget_type=\"image.default\">\n\t\t\t\t<div class=\"elementor-widget-container\">\n\t\t\t\t\t\t\t\t\t\t\t\t\t\t\t<img decoding=\"async\" width=\"768\" height=\"960\" src=\"https:\/\/www.almaruralbodega.com\/wp-content\/uploads\/2025\/12\/Historia_web_bodega-08-768x960.png\" class=\"attachment-medium_large size-medium_large wp-image-1374\" alt=\"\" srcset=\"https:\/\/www.almaruralbodega.com\/wp-content\/uploads\/2025\/12\/Historia_web_bodega-08-768x960.png 768w, https:\/\/www.almaruralbodega.com\/wp-content\/uploads\/2025\/12\/Historia_web_bodega-08-240x300.png 240w, https:\/\/www.almaruralbodega.com\/wp-content\/uploads\/2025\/12\/Historia_web_bodega-08-819x1024.png 819w, https:\/\/www.almaruralbodega.com\/wp-content\/uploads\/2025\/12\/Historia_web_bodega-08.png 1080w\" sizes=\"(max-width: 768px) 100vw, 768px\" \/>\t\t\t\t\t\t\t\t\t\t\t\t\t\t\t<\/div>\n\t\t\t\t<\/div>\n\t\t\t\t<\/div>\n\t\t<div class=\"elementor-element elementor-element-033acaa e-con-full e-flex e-con e-child\" data-id=\"033acaa\" data-element_type=\"container\" data-e-type=\"container\">\n\t\t\t\t<div class=\"elementor-element elementor-element-c2b27af elementor-widget elementor-widget-image\" data-id=\"c2b27af\" data-element_type=\"widget\" data-e-type=\"widget\" data-settings=\"{&quot;motion_fx_motion_fx_scrolling&quot;:&quot;yes&quot;,&quot;motion_fx_translateY_effect&quot;:&quot;yes&quot;,&quot;motion_fx_translateY_speed&quot;:{&quot;unit&quot;:&quot;px&quot;,&quot;size&quot;:4,&quot;sizes&quot;:[]},&quot;motion_fx_translateY_affectedRange&quot;:{&quot;unit&quot;:&quot;%&quot;,&quot;size&quot;:&quot;&quot;,&quot;sizes&quot;:{&quot;start&quot;:0,&quot;end&quot;:100}},&quot;motion_fx_devices&quot;:[&quot;desktop&quot;,&quot;tablet&quot;,&quot;mobile&quot;]}\" data-widget_type=\"image.default\">\n\t\t\t\t<div class=\"elementor-widget-container\">\n\t\t\t\t\t\t\t\t\t\t\t\t\t\t\t<img loading=\"lazy\" decoding=\"async\" width=\"768\" height=\"960\" src=\"https:\/\/www.almaruralbodega.com\/wp-content\/uploads\/2025\/12\/Historia_web_bodega-06-768x960.png\" class=\"attachment-medium_large size-medium_large wp-image-1368\" alt=\"\" srcset=\"https:\/\/www.almaruralbodega.com\/wp-content\/uploads\/2025\/12\/Historia_web_bodega-06-768x960.png 768w, https:\/\/www.almaruralbodega.com\/wp-content\/uploads\/2025\/12\/Historia_web_bodega-06-240x300.png 240w, https:\/\/www.almaruralbodega.com\/wp-content\/uploads\/2025\/12\/Historia_web_bodega-06-819x1024.png 819w, https:\/\/www.almaruralbodega.com\/wp-content\/uploads\/2025\/12\/Historia_web_bodega-06.png 1080w\" sizes=\"(max-width: 768px) 100vw, 768px\" \/>\t\t\t\t\t\t\t\t\t\t\t\t\t\t\t<\/div>\n\t\t\t\t<\/div>\n\t\t\t\t<\/div>\n\t\t<div class=\"elementor-element elementor-element-f4df42f e-con-full e-flex e-con e-child\" data-id=\"f4df42f\" data-element_type=\"container\" data-e-type=\"container\">\n\t\t\t\t<div class=\"elementor-element elementor-element-9f0eda3 elementor-widget elementor-widget-text-editor\" data-id=\"9f0eda3\" data-element_type=\"widget\" data-e-type=\"widget\" data-widget_type=\"text-editor.default\">\n\t\t\t\t<div class=\"elementor-widget-container\">\n\t\t\t\t\t\t\t\t\t<p style=\"font-weight: 400;\">Estos vi\u00f1edos de monta\u00f1a, rodeados de naturaleza y biodiversidad, se asientan sobre suelos pobres y gran\u00edticos que aportan finura, frescura y personalidad a nuestros vinos. La altitud y las marcadas diferencias t\u00e9rmicas entre el d\u00eda y la noche permiten una\u00a0<strong>maduraci\u00f3n lenta y equilibrada<\/strong>, clave para obtener vinos elegantes, diferentes y llenos de matices.<\/p><p style=\"font-weight: 400;\">Trabajamos cada parcela de manera individual, entendiendo que cada vi\u00f1edo tiene su propia voz y car\u00e1cter. Nuestro objetivo es\u00a0<strong>preservar este paisaje vit\u00edcola \u00fanico<\/strong>\u00a0para que siga vivo en las pr\u00f3ximas generaciones.<\/p>\t\t\t\t\t\t\t\t<\/div>\n\t\t\t\t<\/div>\n\t\t\t\t<\/div>\n\t\t\t\t\t<\/div>\n\t\t\t\t<\/div>\n\t\t<div class=\"elementor-element elementor-element-7a39dce e-flex e-con-boxed e-con e-parent\" data-id=\"7a39dce\" data-element_type=\"container\" data-e-type=\"container\">\n\t\t\t\t\t<div class=\"e-con-inner\">\n\t\t\t\t<div class=\"elementor-element elementor-element-fa6a0b0 elementor-widget elementor-widget-spacer\" data-id=\"fa6a0b0\" data-element_type=\"widget\" data-e-type=\"widget\" data-widget_type=\"spacer.default\">\n\t\t\t\t<div class=\"elementor-widget-container\">\n\t\t\t\t\t\t\t<div class=\"elementor-spacer\">\n\t\t\t<div class=\"elementor-spacer-inner\"><\/div>\n\t\t<\/div>\n\t\t\t\t\t\t<\/div>\n\t\t\t\t<\/div>\n\t\t\t\t\t<\/div>\n\t\t\t\t<\/div>\n\t\t<div class=\"elementor-element elementor-element-4c3e952 e-flex e-con-boxed elementor-invisible e-con e-parent\" data-id=\"4c3e952\" data-element_type=\"container\" data-e-type=\"container\" data-settings=\"{&quot;animation&quot;:&quot;fadeInLeft&quot;}\">\n\t\t\t\t\t<div class=\"e-con-inner\">\n\t\t<div class=\"elementor-element elementor-element-9e2af32 e-con-full e-flex elementor-invisible e-con e-child\" data-id=\"9e2af32\" data-element_type=\"container\" data-e-type=\"container\" data-settings=\"{&quot;animation&quot;:&quot;fadeInLeft&quot;}\">\n\t\t\t\t<div class=\"elementor-element elementor-element-bc0185d elementor-invisible elementor-widget elementor-widget-heading\" data-id=\"bc0185d\" data-element_type=\"widget\" data-e-type=\"widget\" data-settings=\"{&quot;_animation&quot;:&quot;fadeInDown&quot;}\" data-widget_type=\"heading.default\">\n\t\t\t\t<div class=\"elementor-widget-container\">\n\t\t\t\t\t<h2 class=\"elementor-heading-title elementor-size-default\">VARIEDADES DE UVA<\/h2>\t\t\t\t<\/div>\n\t\t\t\t<\/div>\n\t\t\t\t<\/div>\n\t\t\t\t\t<\/div>\n\t\t\t\t<\/div>\n\t\t<div class=\"elementor-element elementor-element-f6a9478 e-flex e-con-boxed e-con e-parent\" data-id=\"f6a9478\" data-element_type=\"container\" data-e-type=\"container\">\n\t\t\t\t\t<div class=\"e-con-inner\">\n\t\t\t\t<div class=\"elementor-element elementor-element-12114fc elementor-widget elementor-widget-spacer\" data-id=\"12114fc\" data-element_type=\"widget\" data-e-type=\"widget\" data-widget_type=\"spacer.default\">\n\t\t\t\t<div class=\"elementor-widget-container\">\n\t\t\t\t\t\t\t<div class=\"elementor-spacer\">\n\t\t\t<div class=\"elementor-spacer-inner\"><\/div>\n\t\t<\/div>\n\t\t\t\t\t\t<\/div>\n\t\t\t\t<\/div>\n\t\t\t\t\t<\/div>\n\t\t\t\t<\/div>\n\t\t<div class=\"elementor-element elementor-element-e64e237 e-con-full e-flex e-con e-parent\" data-id=\"e64e237\" data-element_type=\"container\" data-e-type=\"container\">\n\t\t<div class=\"elementor-element elementor-element-ff7d4f3 e-con-full e-flex e-con e-child\" data-id=\"ff7d4f3\" data-element_type=\"container\" data-e-type=\"container\" data-settings=\"{&quot;motion_fx_motion_fx_scrolling&quot;:&quot;yes&quot;,&quot;motion_fx_devices&quot;:[&quot;desktop&quot;,&quot;tablet&quot;,&quot;mobile&quot;]}\">\n\t\t\t\t<div class=\"elementor-element elementor-element-56046f9 elementor-invisible elementor-widget elementor-widget-image\" data-id=\"56046f9\" data-element_type=\"widget\" data-e-type=\"widget\" data-settings=\"{&quot;_animation&quot;:&quot;fadeInLeft&quot;}\" data-widget_type=\"image.default\">\n\t\t\t\t<div class=\"elementor-widget-container\">\n\t\t\t\t\t\t\t\t\t\t\t\t\t\t\t<img loading=\"lazy\" decoding=\"async\" width=\"300\" height=\"300\" src=\"https:\/\/www.almaruralbodega.com\/wp-content\/uploads\/2025\/08\/Sin-titulo-2_Mesa-de-trabajo-1-02-300x300.png\" class=\"attachment-medium size-medium wp-image-897\" alt=\"Profunda, Aut\u00e9ntica y de Altura: As\u00ed es Nuestra Garnacha de \u00c1vila\" srcset=\"https:\/\/www.almaruralbodega.com\/wp-content\/uploads\/2025\/08\/Sin-titulo-2_Mesa-de-trabajo-1-02-300x300.png 300w, https:\/\/www.almaruralbodega.com\/wp-content\/uploads\/2025\/08\/Sin-titulo-2_Mesa-de-trabajo-1-02-1024x1024.png 1024w, https:\/\/www.almaruralbodega.com\/wp-content\/uploads\/2025\/08\/Sin-titulo-2_Mesa-de-trabajo-1-02-150x150.png 150w, https:\/\/www.almaruralbodega.com\/wp-content\/uploads\/2025\/08\/Sin-titulo-2_Mesa-de-trabajo-1-02-768x768.png 768w, https:\/\/www.almaruralbodega.com\/wp-content\/uploads\/2025\/08\/Sin-titulo-2_Mesa-de-trabajo-1-02.png 1080w\" sizes=\"(max-width: 300px) 100vw, 300px\" \/>\t\t\t\t\t\t\t\t\t\t\t\t\t\t\t<\/div>\n\t\t\t\t<\/div>\n\t\t\t\t<\/div>\n\t\t<div class=\"elementor-element elementor-element-8f29cff e-con-full e-flex elementor-invisible e-con e-child\" data-id=\"8f29cff\" data-element_type=\"container\" data-e-type=\"container\" data-settings=\"{&quot;animation&quot;:&quot;fadeInRight&quot;}\">\n\t\t\t\t<div class=\"elementor-element elementor-element-2a6c9ff elementor-widget elementor-widget-text-editor\" data-id=\"2a6c9ff\" data-element_type=\"widget\" data-e-type=\"widget\" data-widget_type=\"text-editor.default\">\n\t\t\t\t<div class=\"elementor-widget-container\">\n\t\t\t\t\t\t\t\t\t<p style=\"font-weight: 400;\">La\u00a0<strong>Garnacha Tinta<\/strong>\u00a0es el alma de nuestro proyecto. Una variedad hist\u00f3rica, perfectamente adaptada a las condiciones extremas de la monta\u00f1a y a los suelos gran\u00edticos de la zona.<\/p><p style=\"font-weight: 400;\">De cepas viejas y rendimientos bajos, obtenemos vinos frescos, expresivos y llenos de identidad, donde predominan los toques a frutos rojos \u00a0y la mineralidad. Nuestra forma de trabajar la garnacha busca respetar su car\u00e1cter natural, sin enmascararla, potenciando su identidad.<\/p>\t\t\t\t\t\t\t\t<\/div>\n\t\t\t\t<\/div>\n\t\t\t\t<\/div>\n\t\t<div class=\"elementor-element elementor-element-03fa95f e-con-full e-flex elementor-invisible e-con e-child\" data-id=\"03fa95f\" data-element_type=\"container\" data-e-type=\"container\" data-settings=\"{&quot;motion_fx_motion_fx_scrolling&quot;:&quot;yes&quot;,&quot;animation&quot;:&quot;zoomIn&quot;,&quot;motion_fx_devices&quot;:[&quot;desktop&quot;,&quot;tablet&quot;,&quot;mobile&quot;]}\">\n\t\t\t\t<div class=\"elementor-element elementor-element-5c8a7fd elementor-invisible elementor-widget elementor-widget-image\" data-id=\"5c8a7fd\" data-element_type=\"widget\" data-e-type=\"widget\" data-settings=\"{&quot;_animation&quot;:&quot;fadeInLeft&quot;}\" data-widget_type=\"image.default\">\n\t\t\t\t<div class=\"elementor-widget-container\">\n\t\t\t\t\t\t\t\t\t\t\t\t\t\t\t<img loading=\"lazy\" decoding=\"async\" width=\"300\" height=\"300\" src=\"https:\/\/www.almaruralbodega.com\/wp-content\/uploads\/2025\/08\/Sin-titulo-2_Mesa-de-trabajo-1-01-300x300.png\" class=\"attachment-medium size-medium wp-image-896\" alt=\"Primer plano de un racimo de uva Albillo Real en el vi\u00f1edo de Alma Rural en Cebreros (\u00c1vila), mostrando su color dorado p\u00e1lido y su piel delicada bajo la luz de la ma\u00f1ana. Variedad blanca aut\u00f3ctona cultivada en altitud sobre suelos gran\u00edticos.\" srcset=\"https:\/\/www.almaruralbodega.com\/wp-content\/uploads\/2025\/08\/Sin-titulo-2_Mesa-de-trabajo-1-01-300x300.png 300w, https:\/\/www.almaruralbodega.com\/wp-content\/uploads\/2025\/08\/Sin-titulo-2_Mesa-de-trabajo-1-01-1024x1024.png 1024w, https:\/\/www.almaruralbodega.com\/wp-content\/uploads\/2025\/08\/Sin-titulo-2_Mesa-de-trabajo-1-01-150x150.png 150w, https:\/\/www.almaruralbodega.com\/wp-content\/uploads\/2025\/08\/Sin-titulo-2_Mesa-de-trabajo-1-01-768x768.png 768w, https:\/\/www.almaruralbodega.com\/wp-content\/uploads\/2025\/08\/Sin-titulo-2_Mesa-de-trabajo-1-01.png 1080w\" sizes=\"(max-width: 300px) 100vw, 300px\" \/>\t\t\t\t\t\t\t\t\t\t\t\t\t\t\t<\/div>\n\t\t\t\t<\/div>\n\t\t\t\t<\/div>\n\t\t<div class=\"elementor-element elementor-element-6977156 e-con-full e-flex elementor-invisible e-con e-child\" data-id=\"6977156\" data-element_type=\"container\" data-e-type=\"container\" data-settings=\"{&quot;animation&quot;:&quot;fadeInRight&quot;}\">\n\t\t\t\t<div class=\"elementor-element elementor-element-0da7740 elementor-widget elementor-widget-text-editor\" data-id=\"0da7740\" data-element_type=\"widget\" data-e-type=\"widget\" data-widget_type=\"text-editor.default\">\n\t\t\t\t<div class=\"elementor-widget-container\">\n\t\t\t\t\t\t\t\t\t<p>El\u00a0<strong>Albillo Real<\/strong> es una variedad blanca tradicional y minoritaria, estrechamente ligada a la historia vit\u00edcola de la zona de Cebreros. Al ser de una zona muy especifica, su producci\u00f3n es limitada. Esta variedad de uva da lugar a vinos delicados y arom\u00e1ticos.<\/p>\t\t\t\t\t\t\t\t<\/div>\n\t\t\t\t<\/div>\n\t\t\t\t<\/div>\n\t\t\t\t<\/div>\n\t\t<div class=\"elementor-element elementor-element-c73c961 e-flex e-con-boxed e-con e-parent\" data-id=\"c73c961\" data-element_type=\"container\" data-e-type=\"container\">\n\t\t\t\t\t<div class=\"e-con-inner\">\n\t\t\t\t<div class=\"elementor-element elementor-element-a06e648 elementor-widget elementor-widget-spacer\" data-id=\"a06e648\" data-element_type=\"widget\" data-e-type=\"widget\" data-widget_type=\"spacer.default\">\n\t\t\t\t<div class=\"elementor-widget-container\">\n\t\t\t\t\t\t\t<div class=\"elementor-spacer\">\n\t\t\t<div class=\"elementor-spacer-inner\"><\/div>\n\t\t<\/div>\n\t\t\t\t\t\t<\/div>\n\t\t\t\t<\/div>\n\t\t\t\t\t<\/div>\n\t\t\t\t<\/div>\n\t\t<div class=\"elementor-element elementor-element-e2d6f24 e-flex e-con-boxed elementor-invisible e-con e-parent\" data-id=\"e2d6f24\" data-element_type=\"container\" data-e-type=\"container\" data-settings=\"{&quot;animation&quot;:&quot;fadeInLeft&quot;}\">\n\t\t\t\t\t<div class=\"e-con-inner\">\n\t\t<div class=\"elementor-element elementor-element-5b4bf94 e-con-full e-flex e-con e-child\" data-id=\"5b4bf94\" data-element_type=\"container\" data-e-type=\"container\">\n\t\t<div class=\"elementor-element elementor-element-69b5716 e-con-full e-flex elementor-invisible e-con e-child\" data-id=\"69b5716\" data-element_type=\"container\" data-e-type=\"container\" data-settings=\"{&quot;animation&quot;:&quot;fadeInLeft&quot;}\">\n\t\t\t\t<div class=\"elementor-element elementor-element-8c0f0e6 elementor-invisible elementor-widget elementor-widget-heading\" data-id=\"8c0f0e6\" data-element_type=\"widget\" data-e-type=\"widget\" data-settings=\"{&quot;_animation&quot;:&quot;fadeInDown&quot;}\" data-widget_type=\"heading.default\">\n\t\t\t\t<div class=\"elementor-widget-container\">\n\t\t\t\t\t<h2 class=\"elementor-heading-title elementor-size-default\">NUESTRA FILOSOF\u00cdA<\/h2>\t\t\t\t<\/div>\n\t\t\t\t<\/div>\n\t\t\t\t<\/div>\n\t\t\t\t<\/div>\n\t\t\t\t\t<\/div>\n\t\t\t\t<\/div>\n\t\t<div class=\"elementor-element elementor-element-ed3b395 e-flex e-con-boxed e-con e-parent\" data-id=\"ed3b395\" data-element_type=\"container\" data-e-type=\"container\">\n\t\t\t\t\t<div class=\"e-con-inner\">\n\t\t\t\t<div class=\"elementor-element elementor-element-d2549aa elementor-widget elementor-widget-spacer\" data-id=\"d2549aa\" data-element_type=\"widget\" data-e-type=\"widget\" data-widget_type=\"spacer.default\">\n\t\t\t\t<div class=\"elementor-widget-container\">\n\t\t\t\t\t\t\t<div class=\"elementor-spacer\">\n\t\t\t<div class=\"elementor-spacer-inner\"><\/div>\n\t\t<\/div>\n\t\t\t\t\t\t<\/div>\n\t\t\t\t<\/div>\n\t\t\t\t\t<\/div>\n\t\t\t\t<\/div>\n\t\t<div class=\"elementor-element elementor-element-ecac45e e-flex e-con-boxed elementor-invisible e-con e-parent\" data-id=\"ecac45e\" data-element_type=\"container\" data-e-type=\"container\" data-settings=\"{&quot;animation&quot;:&quot;zoomInDown&quot;}\">\n\t\t\t\t\t<div class=\"e-con-inner\">\n\t\t\t\t<div class=\"elementor-element elementor-element-b2e7433 elementor-widget elementor-widget-text-editor\" data-id=\"b2e7433\" data-element_type=\"widget\" data-e-type=\"widget\" data-widget_type=\"text-editor.default\">\n\t\t\t\t<div class=\"elementor-widget-container\">\n\t\t\t\t\t\t\t\t\t<p style=\"font-weight: 400;\">Creemos en una viticultura sostenible, en el respeto por el paisaje y en el valor del trabajo artesanal. Cada botella de ALMA RURAL es el reflejo de nuestro pueblo, de una historia familiar y de una forma de entender el vino como expresi\u00f3n cultural y emocional.<\/p><p style=\"font-weight: 400;\">M\u00e1s que elaborar vinos, buscamos\u00a0<strong>contar la historia de nuestra tierra<\/strong>\u00a0y contribuir a mantener vivo el entorno rural que nos vio nacer.<\/p>\t\t\t\t\t\t\t\t<\/div>\n\t\t\t\t<\/div>\n\t\t\t\t\t<\/div>\n\t\t\t\t<\/div>\n\t\t<div class=\"elementor-element elementor-element-247aea4 e-flex e-con-boxed e-con e-parent\" data-id=\"247aea4\" data-element_type=\"container\" data-e-type=\"container\">\n\t\t\t\t\t<div class=\"e-con-inner\">\n\t\t\t\t<div class=\"elementor-element elementor-element-856b8cb elementor-widget elementor-widget-spacer\" data-id=\"856b8cb\" data-element_type=\"widget\" data-e-type=\"widget\" data-widget_type=\"spacer.default\">\n\t\t\t\t<div class=\"elementor-widget-container\">\n\t\t\t\t\t\t\t<div class=\"elementor-spacer\">\n\t\t\t<div class=\"elementor-spacer-inner\"><\/div>\n\t\t<\/div>\n\t\t\t\t\t\t<\/div>\n\t\t\t\t<\/div>\n\t\t\t\t\t<\/div>\n\t\t\t\t<\/div>\n\t\t<div class=\"elementor-element elementor-element-f48a295 e-flex e-con-boxed e-con e-parent\" data-id=\"f48a295\" data-element_type=\"container\" data-e-type=\"container\">\n\t\t\t\t\t<div class=\"e-con-inner\">\n\t\t<div class=\"elementor-element elementor-element-f2f5414 e-con-full e-flex e-con e-child\" data-id=\"f2f5414\" data-element_type=\"container\" data-e-type=\"container\">\n\t\t\t\t<div class=\"elementor-element elementor-element-436e4fc elementor-align-center elementor-invisible elementor-widget elementor-widget-button\" data-id=\"436e4fc\" data-element_type=\"widget\" data-e-type=\"widget\" data-settings=\"{&quot;_animation&quot;:&quot;fadeInUp&quot;}\" data-widget_type=\"button.default\">\n\t\t\t\t<div class=\"elementor-widget-container\">\n\t\t\t\t\t\t\t\t\t<div class=\"elementor-button-wrapper\">\n\t\t\t\t\t<a class=\"elementor-button elementor-button-link elementor-size-lg\" href=\"https:\/\/www.almaruralbodega.com\/index.php\/blog\/\">\n\t\t\t\t\t\t<span class=\"elementor-button-content-wrapper\">\n\t\t\t\t\t\t\t\t\t<span class=\"elementor-button-text\">\u00a1NO TE PIERDAS NUESTRO BLOG!<\/span>\n\t\t\t\t\t<\/span>\n\t\t\t\t\t<\/a>\n\t\t\t\t<\/div>\n\t\t\t\t\t\t\t\t<\/div>\n\t\t\t\t<\/div>\n\t\t\t\t<\/div>\n\t\t\t\t\t<\/div>\n\t\t\t\t<\/div>\n\t\t<div class=\"elementor-element elementor-element-447a8b8 e-flex e-con-boxed e-con e-parent\" data-id=\"447a8b8\" data-element_type=\"container\" data-e-type=\"container\">\n\t\t\t\t\t<div class=\"e-con-inner\">\n\t\t\t\t<div class=\"elementor-element elementor-element-e615d97 elementor-widget elementor-widget-spacer\" data-id=\"e615d97\" data-element_type=\"widget\" data-e-type=\"widget\" data-widget_type=\"spacer.default\">\n\t\t\t\t<div class=\"elementor-widget-container\">\n\t\t\t\t\t\t\t<div class=\"elementor-spacer\">\n\t\t\t<div class=\"elementor-spacer-inner\"><\/div>\n\t\t<\/div>\n\t\t\t\t\t\t<\/div>\n\t\t\t\t<\/div>\n\t\t\t\t\t<\/div>\n\t\t\t\t<\/div>\n\t\t<div class=\"elementor-element elementor-element-1e3efa4 e-con-full e-flex e-con e-parent\" data-id=\"1e3efa4\" data-element_type=\"container\" data-e-type=\"container\">\n\t\t<div class=\"elementor-element elementor-element-08e08c2 e-con-full e-flex e-con e-child\" data-id=\"08e08c2\" data-element_type=\"container\" data-e-type=\"container\" data-settings=\"{&quot;background_background&quot;:&quot;gradient&quot;}\">\n\t\t\t\t<div class=\"elementor-element elementor-element-b0d5674 elementor-widget elementor-widget-text-editor\" data-id=\"b0d5674\" data-element_type=\"widget\" data-e-type=\"widget\" data-widget_type=\"text-editor.default\">\n\t\t\t\t<div class=\"elementor-widget-container\">\n\t\t\t\t\t\t\t\t\t<p><strong>CONTACTO <\/strong><\/p><p>Paraje de la Guija, Pol. 9, 40\u00a0<span style=\"font-style: inherit; letter-spacing: 0px;\">05122 Navatalgordo (\u00c1vila)<\/span><\/p><p>contacto@almaruralbodega.com<\/p>\t\t\t\t\t\t\t\t<\/div>\n\t\t\t\t<\/div>\n\t\t\t\t<\/div>\n\t\t\t\t<\/div>\n\t\t\t\t<\/div>\n\t\t","protected":false},"excerpt":{"rendered":"<p>NUESTRA HISTORIA En el coraz\u00f3n de las monta\u00f1as de\u00a0Navatalgordo\u00a0nace\u00a0ALMA RURAL, un proyecto que cobra vida gracias a la pasi\u00f3n por el entorno rural y al compromiso con nuestro tesoro m\u00e1s preciado:\u00a0la garnacha. ALMA RURAL es una bodega joven, pero con ra\u00edces profundas. Nace con el prop\u00f3sito de\u00a0dar a conocer nuestra tierra, preservar el entorno rural [&hellip;]<\/p>\n","protected":false},"author":1,"featured_media":0,"parent":0,"menu_order":0,"comment_status":"closed","ping_status":"closed","template":"","meta":{"_uag_custom_page_level_css":"","site-sidebar-layout":"no-sidebar","site-content-layout":"","ast-site-content-layout":"full-width-container","site-content-style":"default","site-sidebar-style":"default","ast-global-header-display":"","ast-banner-title-visibility":"","ast-main-header-display":"","ast-hfb-above-header-display":"","ast-hfb-below-header-display":"","ast-hfb-mobile-header-display":"","site-post-title":"disabled","ast-breadcrumbs-content":"","ast-featured-img":"disabled","footer-sml-layout":"","ast-disable-related-posts":"","theme-transparent-header-meta":"","adv-header-id-meta":"","stick-header-meta":"","header-above-stick-meta":"","header-main-stick-meta":"","header-below-stick-meta":"","astra-migrate-meta-layouts":"default","ast-page-background-enabled":"default","ast-page-background-meta":{"desktop":{"background-color":"var(--ast-global-color-4)","background-image":"","background-repeat":"repeat","background-position":"center center","background-size":"auto","background-attachment":"scroll","background-type":"","background-media":"","overlay-type":"","overlay-color":"","overlay-opacity":"","overlay-gradient":""},"tablet":{"background-color":"","background-image":"","background-repeat":"repeat","background-position":"center center","background-size":"auto","background-attachment":"scroll","background-type":"","background-media":"","overlay-type":"","overlay-color":"","overlay-opacity":"","overlay-gradient":""},"mobile":{"background-color":"","background-image":"","background-repeat":"repeat","background-position":"center center","background-size":"auto","background-attachment":"scroll","background-type":"","background-media":"","overlay-type":"","overlay-color":"","overlay-opacity":"","overlay-gradient":""}},"ast-content-background-meta":{"desktop":{"background-color":"var(--ast-global-color-5)","background-image":"","background-repeat":"repeat","background-position":"center center","background-size":"auto","background-attachment":"scroll","background-type":"","background-media":"","overlay-type":"","overlay-color":"","overlay-opacity":"","overlay-gradient":""},"tablet":{"background-color":"var(--ast-global-color-5)","background-image":"","background-repeat":"repeat","background-position":"center center","background-size":"auto","background-attachment":"scroll","background-type":"","background-media":"","overlay-type":"","overlay-color":"","overlay-opacity":"","overlay-gradient":""},"mobile":{"background-color":"var(--ast-global-color-5)","background-image":"","background-repeat":"repeat","background-position":"center center","background-size":"auto","background-attachment":"scroll","background-type":"","background-media":"","overlay-type":"","overlay-color":"","overlay-opacity":"","overlay-gradient":""}},"footnotes":""},"class_list":["post-1290","page","type-page","status-publish","hentry"],"uagb_featured_image_src":{"full":false,"thumbnail":false,"medium":false,"medium_large":false,"large":false,"1536x1536":false,"2048x2048":false},"uagb_author_info":{"display_name":"Bodega Alma Rural","author_link":"https:\/\/www.almaruralbodega.com\/index.php\/author\/admin\/"},"uagb_comment_info":0,"uagb_excerpt":"NUESTRA HISTORIA En el coraz\u00f3n de las monta\u00f1as de\u00a0Navatalgordo\u00a0nace\u00a0ALMA RURAL, un proyecto que cobra vida gracias a la pasi\u00f3n por el entorno rural y al compromiso con nuestro tesoro m\u00e1s preciado:\u00a0la garnacha. ALMA RURAL es una bodega joven, pero con ra\u00edces profundas. Nace con el prop\u00f3sito de\u00a0dar a conocer nuestra tierra, preservar el entorno rural&hellip;","rttpg_featured_image_url":null,"rttpg_author":{"display_name":"Bodega Alma Rural","author_link":"https:\/\/www.almaruralbodega.com\/index.php\/author\/admin\/"},"rttpg_comment":0,"rttpg_category":null,"rttpg_excerpt":"NUESTRA HISTORIA En el coraz\u00f3n de las monta\u00f1as de\u00a0Navatalgordo\u00a0nace\u00a0ALMA RURAL, un proyecto que cobra vida gracias a la pasi\u00f3n por el entorno rural y al compromiso con nuestro tesoro m\u00e1s preciado:\u00a0la garnacha. ALMA RURAL es una bodega joven, pero con ra\u00edces profundas. Nace con el prop\u00f3sito de\u00a0dar a conocer nuestra tierra, preservar el entorno rural&hellip;","_links":{"self":[{"href":"https:\/\/www.almaruralbodega.com\/index.php\/wp-json\/wp\/v2\/pages\/1290","targetHints":{"allow":["GET"]}}],"collection":[{"href":"https:\/\/www.almaruralbodega.com\/index.php\/wp-json\/wp\/v2\/pages"}],"about":[{"href":"https:\/\/www.almaruralbodega.com\/index.php\/wp-json\/wp\/v2\/types\/page"}],"author":[{"embeddable":true,"href":"https:\/\/www.almaruralbodega.com\/index.php\/wp-json\/wp\/v2\/users\/1"}],"replies":[{"embeddable":true,"href":"https:\/\/www.almaruralbodega.com\/index.php\/wp-json\/wp\/v2\/comments?post=1290"}],"version-history":[{"count":60,"href":"https:\/\/www.almaruralbodega.com\/index.php\/wp-json\/wp\/v2\/pages\/1290\/revisions"}],"predecessor-version":[{"id":1479,"href":"https:\/\/www.almaruralbodega.com\/index.php\/wp-json\/wp\/v2\/pages\/1290\/revisions\/1479"}],"wp:attachment":[{"href":"https:\/\/www.almaruralbodega.com\/index.php\/wp-json\/wp\/v2\/media?parent=1290"}],"curies":[{"name":"wp","href":"https:\/\/api.w.org\/{rel}","templated":true}]}}