{"id":474,"date":"2023-12-03T17:38:37","date_gmt":"2023-12-03T17:38:37","guid":{"rendered":"http:\/\/www.almaruralbodega.com\/?page_id=474"},"modified":"2025-12-17T12:42:10","modified_gmt":"2025-12-17T12:42:10","slug":"blog","status":"publish","type":"page","link":"https:\/\/www.almaruralbodega.com\/index.php\/blog\/","title":{"rendered":"Blog"},"content":{"rendered":"\t\t<div data-elementor-type=\"wp-page\" data-elementor-id=\"474\" class=\"elementor elementor-474\" data-elementor-post-type=\"page\">\n\t\t\t\t<div class=\"elementor-element elementor-element-75ea4ee e-flex e-con-boxed e-con e-parent\" data-id=\"75ea4ee\" data-element_type=\"container\" data-e-type=\"container\">\n\t\t\t\t\t<div class=\"e-con-inner\">\n\t\t\t\t<div class=\"elementor-element elementor-element-d7f288b elementor-invisible elementor-widget elementor-widget-heading\" data-id=\"d7f288b\" data-element_type=\"widget\" data-e-type=\"widget\" data-settings=\"{&quot;_animation&quot;:&quot;fadeInDown&quot;}\" data-widget_type=\"heading.default\">\n\t\t\t\t<div class=\"elementor-widget-container\">\n\t\t\t\t\t<h2 class=\"elementor-heading-title elementor-size-default\">BLOG<\/h2>\t\t\t\t<\/div>\n\t\t\t\t<\/div>\n\t\t\t\t\t<\/div>\n\t\t\t\t<\/div>\n\t\t<div class=\"elementor-element elementor-element-9398751 e-flex e-con-boxed e-con e-parent\" data-id=\"9398751\" data-element_type=\"container\" data-e-type=\"container\">\n\t\t\t\t\t<div class=\"e-con-inner\">\n\t\t\t\t<div class=\"elementor-element elementor-element-41b87b2 elementor-widget-divider--view-line elementor-widget elementor-widget-divider\" data-id=\"41b87b2\" data-element_type=\"widget\" data-e-type=\"widget\" data-widget_type=\"divider.default\">\n\t\t\t\t<div class=\"elementor-widget-container\">\n\t\t\t\t\t\t\t<div class=\"elementor-divider\">\n\t\t\t<span class=\"elementor-divider-separator\">\n\t\t\t\t\t\t<\/span>\n\t\t<\/div>\n\t\t\t\t\t\t<\/div>\n\t\t\t\t<\/div>\n\t\t\t\t\t<\/div>\n\t\t\t\t<\/div>\n\t\t<div class=\"elementor-element elementor-element-724a748 e-flex e-con-boxed e-con e-parent\" data-id=\"724a748\" data-element_type=\"container\" data-e-type=\"container\">\n\t\t\t\t\t<div class=\"e-con-inner\">\n\t\t\t\t<div class=\"elementor-element elementor-element-a30842d meta-visibility-show title_position_default title_hover_border_default title-default img_hover_animation_default meta_position_default readmore-btn-default-style grid-hover-overlay-type-always tpg-el-box-border-enable tpg-border-bottom-disable elementor-widget elementor-widget-tpg-grid-layout\" data-id=\"a30842d\" data-element_type=\"widget\" data-e-type=\"widget\" data-widget_type=\"tpg-grid-layout.default\">\n\t\t\t\t<div class=\"elementor-widget-container\">\n\t\t\t\t\t\t\t<div class=\"rt-container-fluid rt-tpg-container tpg-el-main-wrapper clearfix grid-layout3-main \"\n\t\t\t id=\"rt-tpg-container-1259833922\"\n\t\t\t data-layout=\"grid-layout3\"\n\t\t\t data-grid-style=\"tpg-full-height\"\n\t\t\t data-sc-id=\"elementor\"\n\t\t\t data-el-settings=''\n\t\t\t data-el-query=''\n\t\t\t data-el-path=''\n\t\t>\n\t\t\t\t\t\t<div class='tpg-header-wrapper '>\n\t\t\t\t\t\t\t<\/div>\n\n\t\t\t<div data-title=\"Loading ...\" class=\"rt-row rt-content-loader grid-layout3 grid-behaviour tpg-full-height grid_layout_wrapper\">\n\t\t\t\t\n<div class=\"rt-col-md-6 rt-col-sm-6 rt-col-xs-12 default rt-grid-item\" data-id=\"911\">\n\t<div class=\"rt-holder tpg-post-holder \">\n\t\t<div class=\"rt-detail rt-el-content-wrapper\">\n\t\t\t\t\t\t\t<div class=\"rt-img-holder tpg-el-image-wrap has-no-thumbnail\">\n\t\t\t\t\t<a data-id=\"911\" href=\"https:\/\/www.almaruralbodega.com\/index.php\/2025\/08\/04\/el-albillo-real-la-joya-blanca-de-la-sierra-de-gredos\/\" class=\"tpg-post-link\" target=\"_self\">        \n        <\/a>\n                <div class=\"overlay grid-hover-content\"><\/div>\n        \t\t\t\t<\/div>\n\t\t\t\n\n\t\t\t<div class=\"entry-title-wrapper\"><h3 class=\"entry-title\"><a data-id=\"911\" href=\"https:\/\/www.almaruralbodega.com\/index.php\/2025\/08\/04\/el-albillo-real-la-joya-blanca-de-la-sierra-de-gredos\/\" class=\"tpg-post-link\" target=\"_self\">El albillo real: la joya blanca de la Sierra de Gredos<\/a><\/h3><\/div>\n\t\t\t\t\t\t\t<div class=\"post-meta-tags rt-el-post-meta\">\n\t\t\t\t\t            <span class='date'>\n\t\t\t\t<i class='far fa-calendar-alt '><\/i>                                    <a href=\"https:\/\/www.almaruralbodega.com\/index.php\/2025\/08\/04\/\">\n\t\t\t\t\tagosto 4, 2025\t\t\t\t<\/a>\n                \t\t\t<\/span>\n            \t\t\t\t<\/div>\n\t\t\t\n\t\t\t\t\t\t\t<div class=\"tpg-excerpt tpg-el-excerpt\">\n\t\t\t\t\t\t\t\t\t\t\t<div class=\"tpg-excerpt-inner\">\n\t\t\t\t\t\t\tOrigen y singularidad La Albillo Real es una variedad blanca aut\u00f3ctona de Espa\u00f1a, especialmente vinculada a la zona de la Sierra de Gredos, donde convergen \u00c1vila, Madrid y Toledo. Hist\u00f3ricamente fue...\t\t\t\t\t\t<\/div>\n\t\t\t\t\t\t\t\t\t\t\t\t\t\t<\/div>\n\t\t\t\n\t\t\t        <div class=\"post-footer\">\n            <div class=\"post-footer\">\n                <div class=\"read-more\">\n                    <a data-id=\"911\" href=\"https:\/\/www.almaruralbodega.com\/index.php\/2025\/08\/04\/el-albillo-real-la-joya-blanca-de-la-sierra-de-gredos\/\" class=\"tpg-post-link\" target=\"_self\">Leer m\u00e1s<\/a>                <\/div>\n            <\/div>\n        <\/div>\n        \t\t<\/div>\n\t<\/div>\n<\/div>\n\n<div class=\"rt-col-md-6 rt-col-sm-6 rt-col-xs-12 default rt-grid-item\" data-id=\"904\">\n\t<div class=\"rt-holder tpg-post-holder \">\n\t\t<div class=\"rt-detail rt-el-content-wrapper\">\n\t\t\t\t\t\t\t<div class=\"rt-img-holder tpg-el-image-wrap has-no-thumbnail\">\n\t\t\t\t\t<a data-id=\"904\" href=\"https:\/\/www.almaruralbodega.com\/index.php\/2025\/07\/04\/caracteristicas-de-la-uva-garnacha-tinta\/\" class=\"tpg-post-link\" target=\"_self\">        \n        <\/a>\n                <div class=\"overlay grid-hover-content\"><\/div>\n        \t\t\t\t<\/div>\n\t\t\t\n\n\t\t\t<div class=\"entry-title-wrapper\"><h3 class=\"entry-title\"><a data-id=\"904\" href=\"https:\/\/www.almaruralbodega.com\/index.php\/2025\/07\/04\/caracteristicas-de-la-uva-garnacha-tinta\/\" class=\"tpg-post-link\" target=\"_self\">Caracter\u00edsticas de la uva garnacha tinta<\/a><\/h3><\/div>\n\t\t\t\t\t\t\t<div class=\"post-meta-tags rt-el-post-meta\">\n\t\t\t\t\t            <span class='date'>\n\t\t\t\t<i class='far fa-calendar-alt '><\/i>                                    <a href=\"https:\/\/www.almaruralbodega.com\/index.php\/2025\/07\/04\/\">\n\t\t\t\t\tjulio 4, 2025\t\t\t\t<\/a>\n                \t\t\t<\/span>\n            \t\t\t\t<\/div>\n\t\t\t\n\t\t\t\t\t\t\t<div class=\"tpg-excerpt tpg-el-excerpt\">\n\t\t\t\t\t\t\t\t\t\t\t<div class=\"tpg-excerpt-inner\">\n\t\t\t\t\t\t\tEn el sur de la provincia de \u00c1vila, donde los pinares acarician la roca gran\u00edtica y las vi\u00f1as se extienden en bancales a m\u00e1s de 1.000 metros de altitud, la Garnacha tinta se expresa con una...\t\t\t\t\t\t<\/div>\n\t\t\t\t\t\t\t\t\t\t\t\t\t\t<\/div>\n\t\t\t\n\t\t\t        <div class=\"post-footer\">\n            <div class=\"post-footer\">\n                <div class=\"read-more\">\n                    <a data-id=\"904\" href=\"https:\/\/www.almaruralbodega.com\/index.php\/2025\/07\/04\/caracteristicas-de-la-uva-garnacha-tinta\/\" class=\"tpg-post-link\" target=\"_self\">Leer m\u00e1s<\/a>                <\/div>\n            <\/div>\n        <\/div>\n        \t\t<\/div>\n\t<\/div>\n<\/div>\n\n<div class=\"rt-col-md-6 rt-col-sm-6 rt-col-xs-12 default rt-grid-item\" data-id=\"533\">\n\t<div class=\"rt-holder tpg-post-holder \">\n\t\t<div class=\"rt-detail rt-el-content-wrapper\">\n\t\t\t\t\t\t\t<div class=\"rt-img-holder tpg-el-image-wrap has-no-thumbnail\">\n\t\t\t\t\t<a data-id=\"533\" href=\"https:\/\/www.almaruralbodega.com\/index.php\/2025\/03\/06\/denominacion-de-origen-protegida-de-cebreros-un-viaje-a-la-esencia-vinicola-de-avila\/\" class=\"tpg-post-link\" target=\"_self\">        \n        <\/a>\n                <div class=\"overlay grid-hover-content\"><\/div>\n        \t\t\t\t<\/div>\n\t\t\t\n\n\t\t\t<div class=\"entry-title-wrapper\"><h3 class=\"entry-title\"><a data-id=\"533\" href=\"https:\/\/www.almaruralbodega.com\/index.php\/2025\/03\/06\/denominacion-de-origen-protegida-de-cebreros-un-viaje-a-la-esencia-vinicola-de-avila\/\" class=\"tpg-post-link\" target=\"_self\">Denominaci\u00f3n de Origen Protegida de Cebreros: un viaje a la esencia vin\u00edcola de \u00c1vila<\/a><\/h3><\/div>\n\t\t\t\t\t\t\t<div class=\"post-meta-tags rt-el-post-meta\">\n\t\t\t\t\t            <span class='date'>\n\t\t\t\t<i class='far fa-calendar-alt '><\/i>                                    <a href=\"https:\/\/www.almaruralbodega.com\/index.php\/2025\/03\/06\/\">\n\t\t\t\t\tmarzo 6, 2025\t\t\t\t<\/a>\n                \t\t\t<\/span>\n            \t\t\t\t<\/div>\n\t\t\t\n\t\t\t\t\t\t\t<div class=\"tpg-excerpt tpg-el-excerpt\">\n\t\t\t\t\t\t\t\t\t\t\t<div class=\"tpg-excerpt-inner\">\n\t\t\t\t\t\t\tEnclavada en la provincia de \u00c1vila, la Denominaci\u00f3n de Origen Protegida (DOP) de Cebreros se erige como un tesoro vin\u00edcola en el coraz\u00f3n de Espa\u00f1a. En esta entrada, exploraremos las caracter\u00edsticas...\t\t\t\t\t\t<\/div>\n\t\t\t\t\t\t\t\t\t\t\t\t\t\t<\/div>\n\t\t\t\n\t\t\t        <div class=\"post-footer\">\n            <div class=\"post-footer\">\n                <div class=\"read-more\">\n                    <a data-id=\"533\" href=\"https:\/\/www.almaruralbodega.com\/index.php\/2025\/03\/06\/denominacion-de-origen-protegida-de-cebreros-un-viaje-a-la-esencia-vinicola-de-avila\/\" class=\"tpg-post-link\" target=\"_self\">Leer m\u00e1s<\/a>                <\/div>\n            <\/div>\n        <\/div>\n        \t\t<\/div>\n\t<\/div>\n<\/div>\n\n<div class=\"rt-col-md-6 rt-col-sm-6 rt-col-xs-12 default rt-grid-item\" data-id=\"524\">\n\t<div class=\"rt-holder tpg-post-holder \">\n\t\t<div class=\"rt-detail rt-el-content-wrapper\">\n\t\t\t\t\t\t\t<div class=\"rt-img-holder tpg-el-image-wrap has-no-thumbnail\">\n\t\t\t\t\t<a data-id=\"524\" href=\"https:\/\/www.almaruralbodega.com\/index.php\/2025\/02\/13\/como-las-barricas-moldean-la-personalidad-de-los-vinos-de-garnacha\/\" class=\"tpg-post-link\" target=\"_self\">        \n        <\/a>\n                <div class=\"overlay grid-hover-content\"><\/div>\n        \t\t\t\t<\/div>\n\t\t\t\n\n\t\t\t<div class=\"entry-title-wrapper\"><h3 class=\"entry-title\"><a data-id=\"524\" href=\"https:\/\/www.almaruralbodega.com\/index.php\/2025\/02\/13\/como-las-barricas-moldean-la-personalidad-de-los-vinos-de-garnacha\/\" class=\"tpg-post-link\" target=\"_self\">C\u00f3mo las barricas moldean la personalidad de los vinos de Garnacha<\/a><\/h3><\/div>\n\t\t\t\t\t\t\t<div class=\"post-meta-tags rt-el-post-meta\">\n\t\t\t\t\t            <span class='date'>\n\t\t\t\t<i class='far fa-calendar-alt '><\/i>                                    <a href=\"https:\/\/www.almaruralbodega.com\/index.php\/2025\/02\/13\/\">\n\t\t\t\t\tfebrero 13, 2025\t\t\t\t<\/a>\n                \t\t\t<\/span>\n            \t\t\t\t<\/div>\n\t\t\t\n\t\t\t\t\t\t\t<div class=\"tpg-excerpt tpg-el-excerpt\">\n\t\t\t\t\t\t\t\t\t\t\t<div class=\"tpg-excerpt-inner\">\n\t\t\t\t\t\t\tEn el mundo del vino, la elecci\u00f3n de las barricas de roble no es simplemente un detalle t\u00e9cnico; es una danza intrincada que puede transformar por completo la personalidad de un vino. En el caso de...\t\t\t\t\t\t<\/div>\n\t\t\t\t\t\t\t\t\t\t\t\t\t\t<\/div>\n\t\t\t\n\t\t\t        <div class=\"post-footer\">\n            <div class=\"post-footer\">\n                <div class=\"read-more\">\n                    <a data-id=\"524\" href=\"https:\/\/www.almaruralbodega.com\/index.php\/2025\/02\/13\/como-las-barricas-moldean-la-personalidad-de-los-vinos-de-garnacha\/\" class=\"tpg-post-link\" target=\"_self\">Leer m\u00e1s<\/a>                <\/div>\n            <\/div>\n        <\/div>\n        \t\t<\/div>\n\t<\/div>\n<\/div>\n\n<div class=\"rt-col-md-6 rt-col-sm-6 rt-col-xs-12 default rt-grid-item\" data-id=\"744\">\n\t<div class=\"rt-holder tpg-post-holder \">\n\t\t<div class=\"rt-detail rt-el-content-wrapper\">\n\t\t\t\t\t\t\t<div class=\"rt-img-holder tpg-el-image-wrap has-no-thumbnail\">\n\t\t\t\t\t<a data-id=\"744\" href=\"https:\/\/www.almaruralbodega.com\/index.php\/2024\/10\/21\/historia-y-origen-de-la-garnacha-tinta-una-variedad-emblematica\/\" class=\"tpg-post-link\" target=\"_self\">        \n        <\/a>\n                <div class=\"overlay grid-hover-content\"><\/div>\n        \t\t\t\t<\/div>\n\t\t\t\n\n\t\t\t<div class=\"entry-title-wrapper\"><h3 class=\"entry-title\"><a data-id=\"744\" href=\"https:\/\/www.almaruralbodega.com\/index.php\/2024\/10\/21\/historia-y-origen-de-la-garnacha-tinta-una-variedad-emblematica\/\" class=\"tpg-post-link\" target=\"_self\">Historia y origen de la garnacha tinta: una variedad emblem\u00e1tica<\/a><\/h3><\/div>\n\t\t\t\t\t\t\t<div class=\"post-meta-tags rt-el-post-meta\">\n\t\t\t\t\t            <span class='date'>\n\t\t\t\t<i class='far fa-calendar-alt '><\/i>                                    <a href=\"https:\/\/www.almaruralbodega.com\/index.php\/2024\/10\/21\/\">\n\t\t\t\t\toctubre 21, 2024\t\t\t\t<\/a>\n                \t\t\t<\/span>\n            \t\t\t\t<\/div>\n\t\t\t\n\t\t\t\t\t\t\t<div class=\"tpg-excerpt tpg-el-excerpt\">\n\t\t\t\t\t\t\t\t\t\t\t<div class=\"tpg-excerpt-inner\">\n\t\t\t\t\t\t\tLa Garnacha tinta, tambi\u00e9n conocida como Grenache en franc\u00e9s y Cannonau en italiano, es una de las variedades de uva tinta m\u00e1s antiguas y veneradas del mundo. Su historia y origen se remontan a siglos...\t\t\t\t\t\t<\/div>\n\t\t\t\t\t\t\t\t\t\t\t\t\t\t<\/div>\n\t\t\t\n\t\t\t        <div class=\"post-footer\">\n            <div class=\"post-footer\">\n                <div class=\"read-more\">\n                    <a data-id=\"744\" href=\"https:\/\/www.almaruralbodega.com\/index.php\/2024\/10\/21\/historia-y-origen-de-la-garnacha-tinta-una-variedad-emblematica\/\" class=\"tpg-post-link\" target=\"_self\">Leer m\u00e1s<\/a>                <\/div>\n            <\/div>\n        <\/div>\n        \t\t<\/div>\n\t<\/div>\n<\/div>\n\n<div class=\"rt-col-md-6 rt-col-sm-6 rt-col-xs-12 default rt-grid-item\" data-id=\"549\">\n\t<div class=\"rt-holder tpg-post-holder \">\n\t\t<div class=\"rt-detail rt-el-content-wrapper\">\n\t\t\t\t\t\t\t<div class=\"rt-img-holder tpg-el-image-wrap has-no-thumbnail\">\n\t\t\t\t\t<a data-id=\"549\" href=\"https:\/\/www.almaruralbodega.com\/index.php\/2024\/09\/07\/los-tipos-de-botellas-de-vino\/\" class=\"tpg-post-link\" target=\"_self\">        \n        <\/a>\n                <div class=\"overlay grid-hover-content\"><\/div>\n        \t\t\t\t<\/div>\n\t\t\t\n\n\t\t\t<div class=\"entry-title-wrapper\"><h3 class=\"entry-title\"><a data-id=\"549\" href=\"https:\/\/www.almaruralbodega.com\/index.php\/2024\/09\/07\/los-tipos-de-botellas-de-vino\/\" class=\"tpg-post-link\" target=\"_self\">Los tipos de botellas de vino<\/a><\/h3><\/div>\n\t\t\t\t\t\t\t<div class=\"post-meta-tags rt-el-post-meta\">\n\t\t\t\t\t            <span class='date'>\n\t\t\t\t<i class='far fa-calendar-alt '><\/i>                                    <a href=\"https:\/\/www.almaruralbodega.com\/index.php\/2024\/09\/07\/\">\n\t\t\t\t\tseptiembre 7, 2024\t\t\t\t<\/a>\n                \t\t\t<\/span>\n            \t\t\t\t<\/div>\n\t\t\t\n\t\t\t\t\t\t\t<div class=\"tpg-excerpt tpg-el-excerpt\">\n\t\t\t\t\t\t\t\t\t\t\t<div class=\"tpg-excerpt-inner\">\n\t\t\t\t\t\t\tCuando se trata de vino, la elecci\u00f3n de la botella va m\u00e1s all\u00e1 de ser simplemente un recipiente. Cada forma, tama\u00f1o y estilo de botella cuenta una historia \u00fanica, guarda secretos de la vinificaci\u00f3n y...\t\t\t\t\t\t<\/div>\n\t\t\t\t\t\t\t\t\t\t\t\t\t\t<\/div>\n\t\t\t\n\t\t\t        <div class=\"post-footer\">\n            <div class=\"post-footer\">\n                <div class=\"read-more\">\n                    <a data-id=\"549\" href=\"https:\/\/www.almaruralbodega.com\/index.php\/2024\/09\/07\/los-tipos-de-botellas-de-vino\/\" class=\"tpg-post-link\" target=\"_self\">Leer m\u00e1s<\/a>                <\/div>\n            <\/div>\n        <\/div>\n        \t\t<\/div>\n\t<\/div>\n<\/div>\n\n<div class=\"rt-col-md-6 rt-col-sm-6 rt-col-xs-12 default rt-grid-item\" data-id=\"539\">\n\t<div class=\"rt-holder tpg-post-holder \">\n\t\t<div class=\"rt-detail rt-el-content-wrapper\">\n\t\t\t\t\t\t\t<div class=\"rt-img-holder tpg-el-image-wrap has-no-thumbnail\">\n\t\t\t\t\t<a data-id=\"539\" href=\"https:\/\/www.almaruralbodega.com\/index.php\/2024\/08\/01\/sulfitos-en-el-vino-de-garnacha-mitos-y-realidades-de-una-herramienta-vinicola\/\" class=\"tpg-post-link\" target=\"_self\">        \n        <\/a>\n                <div class=\"overlay grid-hover-content\"><\/div>\n        \t\t\t\t<\/div>\n\t\t\t\n\n\t\t\t<div class=\"entry-title-wrapper\"><h3 class=\"entry-title\"><a data-id=\"539\" href=\"https:\/\/www.almaruralbodega.com\/index.php\/2024\/08\/01\/sulfitos-en-el-vino-de-garnacha-mitos-y-realidades-de-una-herramienta-vinicola\/\" class=\"tpg-post-link\" target=\"_self\">Sulfitos en el vino de Garnacha: Mitos y Realidades de una herramienta vin\u00edcola<\/a><\/h3><\/div>\n\t\t\t\t\t\t\t<div class=\"post-meta-tags rt-el-post-meta\">\n\t\t\t\t\t            <span class='date'>\n\t\t\t\t<i class='far fa-calendar-alt '><\/i>                                    <a href=\"https:\/\/www.almaruralbodega.com\/index.php\/2024\/08\/01\/\">\n\t\t\t\t\tagosto 1, 2024\t\t\t\t<\/a>\n                \t\t\t<\/span>\n            \t\t\t\t<\/div>\n\t\t\t\n\t\t\t\t\t\t\t<div class=\"tpg-excerpt tpg-el-excerpt\">\n\t\t\t\t\t\t\t\t\t\t\t<div class=\"tpg-excerpt-inner\">\n\t\t\t\t\t\t\tIntroducci\u00f3n: Desentra\u00f1ando el Mundo de los Sulfatos en el Vino de Garnacha En el intrigante universo de la enolog\u00eda, los sulfitos son a menudo el centro de debates y malentendidos. En esta entrada...\t\t\t\t\t\t<\/div>\n\t\t\t\t\t\t\t\t\t\t\t\t\t\t<\/div>\n\t\t\t\n\t\t\t        <div class=\"post-footer\">\n            <div class=\"post-footer\">\n                <div class=\"read-more\">\n                    <a data-id=\"539\" href=\"https:\/\/www.almaruralbodega.com\/index.php\/2024\/08\/01\/sulfitos-en-el-vino-de-garnacha-mitos-y-realidades-de-una-herramienta-vinicola\/\" class=\"tpg-post-link\" target=\"_self\">Leer m\u00e1s<\/a>                <\/div>\n            <\/div>\n        <\/div>\n        \t\t<\/div>\n\t<\/div>\n<\/div>\n\n<div class=\"rt-col-md-6 rt-col-sm-6 rt-col-xs-12 default rt-grid-item\" data-id=\"544\">\n\t<div class=\"rt-holder tpg-post-holder \">\n\t\t<div class=\"rt-detail rt-el-content-wrapper\">\n\t\t\t\t\t\t\t<div class=\"rt-img-holder tpg-el-image-wrap has-no-thumbnail\">\n\t\t\t\t\t<a data-id=\"544\" href=\"https:\/\/www.almaruralbodega.com\/index.php\/2024\/07\/05\/el-intrigante-mundo-de-los-corchos-en-los-vinos\/\" class=\"tpg-post-link\" target=\"_self\">        \n        <\/a>\n                <div class=\"overlay grid-hover-content\"><\/div>\n        \t\t\t\t<\/div>\n\t\t\t\n\n\t\t\t<div class=\"entry-title-wrapper\"><h3 class=\"entry-title\"><a data-id=\"544\" href=\"https:\/\/www.almaruralbodega.com\/index.php\/2024\/07\/05\/el-intrigante-mundo-de-los-corchos-en-los-vinos\/\" class=\"tpg-post-link\" target=\"_self\">\u00a0El intrigante Mundo de los corchos en los Vinos\u00a0<\/a><\/h3><\/div>\n\t\t\t\t\t\t\t<div class=\"post-meta-tags rt-el-post-meta\">\n\t\t\t\t\t            <span class='date'>\n\t\t\t\t<i class='far fa-calendar-alt '><\/i>                                    <a href=\"https:\/\/www.almaruralbodega.com\/index.php\/2024\/07\/05\/\">\n\t\t\t\t\tjulio 5, 2024\t\t\t\t<\/a>\n                \t\t\t<\/span>\n            \t\t\t\t<\/div>\n\t\t\t\n\t\t\t\t\t\t\t<div class=\"tpg-excerpt tpg-el-excerpt\">\n\t\t\t\t\t\t\t\t\t\t\t<div class=\"tpg-excerpt-inner\">\n\t\t\t\t\t\t\tCuando descorchamos una botella de vino de nuestra bodega, no solo estamos liberando su l\u00edquido m\u00e1gico, sino tambi\u00e9n revelando un componente esencial: el corcho. En esta entrada, exploraremos los...\t\t\t\t\t\t<\/div>\n\t\t\t\t\t\t\t\t\t\t\t\t\t\t<\/div>\n\t\t\t\n\t\t\t        <div class=\"post-footer\">\n            <div class=\"post-footer\">\n                <div class=\"read-more\">\n                    <a data-id=\"544\" href=\"https:\/\/www.almaruralbodega.com\/index.php\/2024\/07\/05\/el-intrigante-mundo-de-los-corchos-en-los-vinos\/\" class=\"tpg-post-link\" target=\"_self\">Leer m\u00e1s<\/a>                <\/div>\n            <\/div>\n        <\/div>\n        \t\t<\/div>\n\t<\/div>\n<\/div>\n\n<div class=\"rt-col-md-6 rt-col-sm-6 rt-col-xs-12 default rt-grid-item\" data-id=\"773\">\n\t<div class=\"rt-holder tpg-post-holder \">\n\t\t<div class=\"rt-detail rt-el-content-wrapper\">\n\t\t\t\t\t\t\t<div class=\"rt-img-holder tpg-el-image-wrap has-no-thumbnail\">\n\t\t\t\t\t<a data-id=\"773\" href=\"https:\/\/www.almaruralbodega.com\/index.php\/2024\/06\/25\/como-almacenar-y-envejecer-vinos-de-garnacha-tinta-en-casa\/\" class=\"tpg-post-link\" target=\"_self\">        \n        <\/a>\n                <div class=\"overlay grid-hover-content\"><\/div>\n        \t\t\t\t<\/div>\n\t\t\t\n\n\t\t\t<div class=\"entry-title-wrapper\"><h3 class=\"entry-title\"><a data-id=\"773\" href=\"https:\/\/www.almaruralbodega.com\/index.php\/2024\/06\/25\/como-almacenar-y-envejecer-vinos-de-garnacha-tinta-en-casa\/\" class=\"tpg-post-link\" target=\"_self\">C\u00f3mo almacenar y envejecer vinos de garnacha tinta en casa<\/a><\/h3><\/div>\n\t\t\t\t\t\t\t<div class=\"post-meta-tags rt-el-post-meta\">\n\t\t\t\t\t            <span class='date'>\n\t\t\t\t<i class='far fa-calendar-alt '><\/i>                                    <a href=\"https:\/\/www.almaruralbodega.com\/index.php\/2024\/06\/25\/\">\n\t\t\t\t\tjunio 25, 2024\t\t\t\t<\/a>\n                \t\t\t<\/span>\n            \t\t\t\t<\/div>\n\t\t\t\n\t\t\t\t\t\t\t<div class=\"tpg-excerpt tpg-el-excerpt\">\n\t\t\t\t\t\t\t\t\t\t\t<div class=\"tpg-excerpt-inner\">\n\t\t\t\t\t\t\tEl almacenamiento adecuado y el envejecimiento de los vinos de Garnacha Tinta pueden mejorar significativamente su calidad y complejidad con el tiempo. Dominar estas t\u00e9cnicas te permitir\u00e1 disfrutar de...\t\t\t\t\t\t<\/div>\n\t\t\t\t\t\t\t\t\t\t\t\t\t\t<\/div>\n\t\t\t\n\t\t\t        <div class=\"post-footer\">\n            <div class=\"post-footer\">\n                <div class=\"read-more\">\n                    <a data-id=\"773\" href=\"https:\/\/www.almaruralbodega.com\/index.php\/2024\/06\/25\/como-almacenar-y-envejecer-vinos-de-garnacha-tinta-en-casa\/\" class=\"tpg-post-link\" target=\"_self\">Leer m\u00e1s<\/a>                <\/div>\n            <\/div>\n        <\/div>\n        \t\t<\/div>\n\t<\/div>\n<\/div>\n\t\t\t<\/div>\n\t\t\t<div class='rt-pagination-wrap' data-total-pages='2' data-posts-per-page='10' data-type='pagination'><div class=\"rt-pagination\"><ul class=\"pagination-list\"><li class=\"active\"><span>1<\/span><\/li><li><a data-paged='2' href='https:\/\/www.almaruralbodega.com\/index.php\/wp-json\/wp\/v2\/pages\/474\/page\/2\/'>2<\/a><\/li><\/ul><\/div><\/div>\n\t\t<\/div>\n\t\t\t\t\t\t<\/div>\n\t\t\t\t<\/div>\n\t\t\t\t\t<\/div>\n\t\t\t\t<\/div>\n\t\t<div class=\"elementor-element elementor-element-1a61084 e-flex e-con-boxed e-con e-parent\" data-id=\"1a61084\" data-element_type=\"container\" data-e-type=\"container\">\n\t\t\t\t\t<div class=\"e-con-inner\">\n\t\t<div class=\"elementor-element elementor-element-b378560 e-flex e-con-boxed e-con e-child\" data-id=\"b378560\" data-element_type=\"container\" data-e-type=\"container\">\n\t\t\t\t\t<div class=\"e-con-inner\">\n\t\t<div class=\"elementor-element elementor-element-a8d018b e-con-full e-flex e-con e-child\" data-id=\"a8d018b\" data-element_type=\"container\" data-e-type=\"container\">\n\t\t\t\t<div class=\"elementor-element elementor-element-e6904d0 elementor-widget elementor-widget-heading\" data-id=\"e6904d0\" data-element_type=\"widget\" data-e-type=\"widget\" data-widget_type=\"heading.default\">\n\t\t\t\t<div class=\"elementor-widget-container\">\n\t\t\t\t\t<h2 class=\"elementor-heading-title elementor-size-default\">S\u00cdGUENOS EN<\/h2>\t\t\t\t<\/div>\n\t\t\t\t<\/div>\n\t\t\t\t<\/div>\n\t\t<div class=\"elementor-element elementor-element-265733d e-con-full e-flex e-con e-child\" data-id=\"265733d\" data-element_type=\"container\" data-e-type=\"container\">\n\t\t\t\t<div class=\"elementor-element elementor-element-89b46c0 elementor-view-default elementor-widget elementor-widget-icon\" data-id=\"89b46c0\" data-element_type=\"widget\" data-e-type=\"widget\" data-widget_type=\"icon.default\">\n\t\t\t\t<div class=\"elementor-widget-container\">\n\t\t\t\t\t\t\t<div class=\"elementor-icon-wrapper\">\n\t\t\t<a class=\"elementor-icon\" href=\"https:\/\/www.instagram.com\/almaruralbodega\/\">\n\t\t\t<svg aria-hidden=\"true\" class=\"e-font-icon-svg e-fab-instagram\" viewBox=\"0 0 448 512\" xmlns=\"http:\/\/www.w3.org\/2000\/svg\"><path d=\"M224.1 141c-63.6 0-114.9 51.3-114.9 114.9s51.3 114.9 114.9 114.9S339 319.5 339 255.9 287.7 141 224.1 141zm0 189.6c-41.1 0-74.7-33.5-74.7-74.7s33.5-74.7 74.7-74.7 74.7 33.5 74.7 74.7-33.6 74.7-74.7 74.7zm146.4-194.3c0 14.9-12 26.8-26.8 26.8-14.9 0-26.8-12-26.8-26.8s12-26.8 26.8-26.8 26.8 12 26.8 26.8zm76.1 27.2c-1.7-35.9-9.9-67.7-36.2-93.9-26.2-26.2-58-34.4-93.9-36.2-37-2.1-147.9-2.1-184.9 0-35.8 1.7-67.6 9.9-93.9 36.1s-34.4 58-36.2 93.9c-2.1 37-2.1 147.9 0 184.9 1.7 35.9 9.9 67.7 36.2 93.9s58 34.4 93.9 36.2c37 2.1 147.9 2.1 184.9 0 35.9-1.7 67.7-9.9 93.9-36.2 26.2-26.2 34.4-58 36.2-93.9 2.1-37 2.1-147.8 0-184.8zM398.8 388c-7.8 19.6-22.9 34.7-42.6 42.6-29.5 11.7-99.5 9-132.1 9s-102.7 2.6-132.1-9c-19.6-7.8-34.7-22.9-42.6-42.6-11.7-29.5-9-99.5-9-132.1s-2.6-102.7 9-132.1c7.8-19.6 22.9-34.7 42.6-42.6 29.5-11.7 99.5-9 132.1-9s102.7-2.6 132.1 9c19.6 7.8 34.7 22.9 42.6 42.6 11.7 29.5 9 99.5 9 132.1s2.7 102.7-9 132.1z\"><\/path><\/svg>\t\t\t<\/a>\n\t\t<\/div>\n\t\t\t\t\t\t<\/div>\n\t\t\t\t<\/div>\n\t\t\t\t<\/div>\n\t\t\t\t\t<\/div>\n\t\t\t\t<\/div>\n\t\t\t\t\t<\/div>\n\t\t\t\t<\/div>\n\t\t<div class=\"elementor-element elementor-element-5a29739 e-flex e-con-boxed e-con e-parent\" data-id=\"5a29739\" data-element_type=\"container\" data-e-type=\"container\">\n\t\t\t\t\t<div class=\"e-con-inner\">\n\t\t<div class=\"elementor-element elementor-element-0aa9f57 e-flex e-con-boxed e-con e-child\" data-id=\"0aa9f57\" data-element_type=\"container\" data-e-type=\"container\" data-settings=\"{&quot;background_background&quot;:&quot;gradient&quot;}\">\n\t\t\t\t\t<div class=\"e-con-inner\">\n\t\t\t\t<div class=\"elementor-element elementor-element-f967976 elementor-widget elementor-widget-text-editor\" data-id=\"f967976\" data-element_type=\"widget\" data-e-type=\"widget\" data-widget_type=\"text-editor.default\">\n\t\t\t\t<div class=\"elementor-widget-container\">\n\t\t\t\t\t\t\t\t\t<p><strong>CONTACTO <\/strong><\/p>\n<p>Paraje de la Guija, Pol. 9, 40&nbsp;<span style=\"font-style: inherit; letter-spacing: 0px;\">05122 Navatalgordo (\u00c1vila)<\/span><\/p>\n<p>contacto@almaruralbodega.com<\/p>\t\t\t\t\t\t\t\t<\/div>\n\t\t\t\t<\/div>\n\t\t\t\t\t<\/div>\n\t\t\t\t<\/div>\n\t\t\t\t\t<\/div>\n\t\t\t\t<\/div>\n\t\t\t\t<\/div>\n\t\t","protected":false},"excerpt":{"rendered":"<p>BLOG El albillo real: la joya blanca de la Sierra de Gredos agosto 4, 2025 Origen y singularidad La Albillo Real es una variedad blanca aut\u00f3ctona de Espa\u00f1a, especialmente vinculada a la zona de la Sierra de Gredos, donde convergen \u00c1vila, Madrid y Toledo. Hist\u00f3ricamente fue&#8230; Leer m\u00e1s Caracter\u00edsticas de la uva garnacha tinta julio [&hellip;]<\/p>\n","protected":false},"author":1,"featured_media":0,"parent":0,"menu_order":0,"comment_status":"closed","ping_status":"closed","template":"","meta":{"_uag_custom_page_level_css":"","site-sidebar-layout":"no-sidebar","site-content-layout":"","ast-site-content-layout":"full-width-container","site-content-style":"default","site-sidebar-style":"default","ast-global-header-display":"","ast-banner-title-visibility":"","ast-main-header-display":"","ast-hfb-above-header-display":"","ast-hfb-below-header-display":"","ast-hfb-mobile-header-display":"","site-post-title":"disabled","ast-breadcrumbs-content":"","ast-featured-img":"disabled","footer-sml-layout":"","ast-disable-related-posts":"","theme-transparent-header-meta":"","adv-header-id-meta":"","stick-header-meta":"","header-above-stick-meta":"","header-main-stick-meta":"","header-below-stick-meta":"","astra-migrate-meta-layouts":"default","ast-page-background-enabled":"default","ast-page-background-meta":{"desktop":{"background-color":"var(--ast-global-color-4)","background-image":"","background-repeat":"repeat","background-position":"center center","background-size":"auto","background-attachment":"scroll","background-type":"","background-media":"","overlay-type":"","overlay-color":"","overlay-opacity":"","overlay-gradient":""},"tablet":{"background-color":"","background-image":"","background-repeat":"repeat","background-position":"center center","background-size":"auto","background-attachment":"scroll","background-type":"","background-media":"","overlay-type":"","overlay-color":"","overlay-opacity":"","overlay-gradient":""},"mobile":{"background-color":"","background-image":"","background-repeat":"repeat","background-position":"center center","background-size":"auto","background-attachment":"scroll","background-type":"","background-media":"","overlay-type":"","overlay-color":"","overlay-opacity":"","overlay-gradient":""}},"ast-content-background-meta":{"desktop":{"background-color":"var(--ast-global-color-5)","background-image":"","background-repeat":"repeat","background-position":"center center","background-size":"auto","background-attachment":"scroll","background-type":"","background-media":"","overlay-type":"","overlay-color":"","overlay-opacity":"","overlay-gradient":""},"tablet":{"background-color":"var(--ast-global-color-5)","background-image":"","background-repeat":"repeat","background-position":"center center","background-size":"auto","background-attachment":"scroll","background-type":"","background-media":"","overlay-type":"","overlay-color":"","overlay-opacity":"","overlay-gradient":""},"mobile":{"background-color":"var(--ast-global-color-5)","background-image":"","background-repeat":"repeat","background-position":"center center","background-size":"auto","background-attachment":"scroll","background-type":"","background-media":"","overlay-type":"","overlay-color":"","overlay-opacity":"","overlay-gradient":""}},"footnotes":""},"class_list":["post-474","page","type-page","status-publish","hentry"],"uagb_featured_image_src":{"full":false,"thumbnail":false,"medium":false,"medium_large":false,"large":false,"1536x1536":false,"2048x2048":false},"uagb_author_info":{"display_name":"Bodega Alma Rural","author_link":"https:\/\/www.almaruralbodega.com\/index.php\/author\/admin\/"},"uagb_comment_info":0,"uagb_excerpt":"BLOG El albillo real: la joya blanca de la Sierra de Gredos agosto 4, 2025 Origen y singularidad La Albillo Real es una variedad blanca aut\u00f3ctona de Espa\u00f1a, especialmente vinculada a la zona de la Sierra de Gredos, donde convergen \u00c1vila, Madrid y Toledo. Hist\u00f3ricamente fue&#8230; Leer m\u00e1s Caracter\u00edsticas de la uva garnacha tinta julio&hellip;","rttpg_featured_image_url":null,"rttpg_author":{"display_name":"Bodega Alma Rural","author_link":"https:\/\/www.almaruralbodega.com\/index.php\/author\/admin\/"},"rttpg_comment":0,"rttpg_category":"","rttpg_excerpt":"BLOG El albillo real: la joya blanca de la Sierra de Gredos agosto 4, 2025 Origen y singularidad La Albillo Real es una variedad blanca aut\u00f3ctona de Espa\u00f1a, especialmente vinculada a la zona de la Sierra de Gredos, donde convergen \u00c1vila, Madrid y Toledo. Hist\u00f3ricamente fue&#8230; Leer m\u00e1s Caracter\u00edsticas de la uva garnacha tinta julio&hellip;","_links":{"self":[{"href":"https:\/\/www.almaruralbodega.com\/index.php\/wp-json\/wp\/v2\/pages\/474","targetHints":{"allow":["GET"]}}],"collection":[{"href":"https:\/\/www.almaruralbodega.com\/index.php\/wp-json\/wp\/v2\/pages"}],"about":[{"href":"https:\/\/www.almaruralbodega.com\/index.php\/wp-json\/wp\/v2\/types\/page"}],"author":[{"embeddable":true,"href":"https:\/\/www.almaruralbodega.com\/index.php\/wp-json\/wp\/v2\/users\/1"}],"replies":[{"embeddable":true,"href":"https:\/\/www.almaruralbodega.com\/index.php\/wp-json\/wp\/v2\/comments?post=474"}],"version-history":[{"count":43,"href":"https:\/\/www.almaruralbodega.com\/index.php\/wp-json\/wp\/v2\/pages\/474\/revisions"}],"predecessor-version":[{"id":1363,"href":"https:\/\/www.almaruralbodega.com\/index.php\/wp-json\/wp\/v2\/pages\/474\/revisions\/1363"}],"wp:attachment":[{"href":"https:\/\/www.almaruralbodega.com\/index.php\/wp-json\/wp\/v2\/media?parent=474"}],"curies":[{"name":"wp","href":"https:\/\/api.w.org\/{rel}","templated":true}]}}